{"id":12079,"date":"2020-05-22T09:46:01","date_gmt":"2020-05-22T07:46:01","guid":{"rendered":"https:\/\/www.conica.com\/dekorativ\/komfort-belaege\/"},"modified":"2021-04-08T10:27:57","modified_gmt":"2021-04-08T08:27:57","slug":"komfort-belaege","status":"publish","type":"page","link":"https:\/\/www.conica.com\/fr\/dekorativ\/komfort-belaege\/","title":{"rendered":"Couvertures de confort"},"content":{"rendered":"\n<div class=\"wp-block-atomic-blocks-ab-container ab-block-container alignfull\"><div class=\"ab-container-inside\"><div class=\"ab-container-content\">\n<div class=\"wp-block-atomic-blocks-ab-columns page-intro ab-layout-columns-2 ab-2-col-equal alignwide\"><div class=\"ab-layout-column-wrap ab-block-layout-column-gap-2 ab-is-responsive-column\">\n<div class=\"wp-block-atomic-blocks-ab-column ab-block-layout-column\"><div class=\"ab-block-layout-column-inner\">\n<h1 class=\"no-margin wp-block-heading\">Couvertures de confort<\/h1>\n<\/div><\/div>\n\n\n\n<div class=\"wp-block-atomic-blocks-ab-column ab-block-layout-column\"><div class=\"ab-block-layout-column-inner\">\n<p>Parfois, il semble impossible d&rsquo;allier esth\u00e9tique et fonctionnalit\u00e9: il faut des chemins en gravier pour le b\u00e2timent historique, mais ceux-ci sont impraticables pour les personnes en fauteuil roulant. Un c\u00e9l\u00e8bre artiste con\u00e7oit les sols de la biblioth\u00e8que municipale, mais qui garantit qu&rsquo;il est antid\u00e9rapant\u00a0? C&rsquo;est CONICA. Les tapis de pierres pour l&rsquo;ext\u00e9rieur et des rev\u00eatements confort pour les b\u00e2timents et les bureaux publics r\u00e9pondent \u00e0 tous les besoins les plus sp\u00e9cifiques.<\/p>\n<\/div><\/div>\n<\/div><\/div>\n\n\n\n<p><\/p>\n<\/div><\/div><\/div>\n\n\n<div class=\"product-list-container alignfull\">\n    <div class=\"product-list-content\">\n        <div class=\"grid-row\">\n\n            \n\n            \n\n\n                <div class=\"grid-item grid-number-1\">\n                    <a class=\"wrapping-link\" href=\"https:\/\/www.conica.com\/fr\/products\/conifloor-ips\/\"><\/a>\n                    <div class=\"grid-item-wrapper\">\n                        <div class=\"grid-item-container\">\n                            <div class=\"grid-image-top\">\n                                <span class=\"centered project-image-bg\"\n                                    style=\"background-image: url(https:\/\/www.conica.com\/wp-content\/uploads\/2020\/06\/Industrial_ZHAW-11-1024x683.jpg)\"><\/span>\n\n                            <\/div>\n\n                            \n                            <div class=\"grid-item-content\">\n                                <div class=\"column\">\n                                    <span class=\"item-title\">CONIFLOOR IPS+<\/span>\n                                    <span class=\"item-excerpt\"><p>Rev\u00eatement autolissant en polyur\u00e9thane pauvre en \u00e9missions et de couleur stable, avec<br \/>\nsous-couche insonorisante<\/p>\n<\/span>\n\n                                <\/div>\n\n                                                                    <div class=\"item-small-container\">\n                                        <img decoding=\"async\" src=\"https:\/\/www.conica.com\/wp-content\/uploads\/2020\/07\/conifloor_ips.png\" \/>\n                                    <\/div>\n                                                            <\/div>\n                        <\/div>\n                    <\/div>\n                <\/div>\n\n                \n\n\n                <div class=\"grid-item grid-number-2\">\n                    <a class=\"wrapping-link\" href=\"https:\/\/www.conica.com\/fr\/products\/conifloor-upd-decorative\/\"><\/a>\n                    <div class=\"grid-item-wrapper\">\n                        <div class=\"grid-item-container\">\n                            <div class=\"grid-image-top\">\n                                <span class=\"centered project-image-bg\"\n                                    style=\"background-image: url(https:\/\/www.conica.com\/wp-content\/uploads\/2020\/06\/Industrial_ZHdK_CH-4-1-1024x683.jpg)\"><\/span>\n\n                            <\/div>\n\n                            \n                            <div class=\"grid-item-content\">\n                                <div class=\"column\">\n                                    <span class=\"item-title\">CONIFLOOR UPD+<\/span>\n                                    <span class=\"item-excerpt\"><p>Rev\u00eatement autolissant en polyur\u00e9thane pauvre en \u00e9missions et de couleur stable, avec<br \/>\nsous-couche insonorisante et enduit de finition transparent<\/p>\n<\/span>\n\n                                <\/div>\n\n                                                                    <div class=\"item-small-container\">\n                                        <img decoding=\"async\" src=\"https:\/\/www.conica.com\/wp-content\/uploads\/2020\/06\/conifloor_upd-2.png\" \/>\n                                    <\/div>\n                                                            <\/div>\n                        <\/div>\n                    <\/div>\n                <\/div>\n\n                \n\n\n                <div class=\"grid-item grid-number-3\">\n                    <a class=\"wrapping-link\" href=\"https:\/\/www.conica.com\/fr\/products\/conifloor-upd-5\/\"><\/a>\n                    <div class=\"grid-item-wrapper\">\n                        <div class=\"grid-item-container\">\n                            <div class=\"grid-image-top\">\n                                <span class=\"centered project-image-bg\"\n                                    style=\"background-image: url(https:\/\/www.conica.com\/wp-content\/uploads\/2020\/10\/klassenzimmer-flure-6-1-1024x576.png)\"><\/span>\n\n                            <\/div>\n\n                            \n                            <div class=\"grid-item-content\">\n                                <div class=\"column\">\n                                    <span class=\"item-title\">CONIFLOOR UPD<\/span>\n                                    <span class=\"item-excerpt\"><p>Rev\u00eatement autolissant en polyur\u00e9thane pauvre en \u00e9missions et de couleur stable, avec<br \/>\nsous-couche insonorisante et enduit de finition transparent<\/p>\n<\/span>\n\n                                <\/div>\n\n                                                                    <div class=\"item-small-container\">\n                                        <img decoding=\"async\" src=\"https:\/\/www.conica.com\/wp-content\/uploads\/2020\/06\/conifloor_upd-1.png\" \/>\n                                    <\/div>\n                                                            <\/div>\n                        <\/div>\n                    <\/div>\n                <\/div>\n\n                \n\n\n                <div class=\"grid-item grid-number-4\">\n                    <a class=\"wrapping-link\" href=\"https:\/\/www.conica.com\/fr\/products\/conifloor-lpc-8\/\"><\/a>\n                    <div class=\"grid-item-wrapper\">\n                        <div class=\"grid-item-container\">\n                            <div class=\"grid-image-top\">\n                                <span class=\"centered project-image-bg\"\n                                    style=\"background-image: url(https:\/\/www.conica.com\/wp-content\/uploads\/2020\/10\/sanitaerraeume-umkleiden-2-1-1024x576.png)\"><\/span>\n\n                            <\/div>\n\n                            \n                            <div class=\"grid-item-content\">\n                                <div class=\"column\">\n                                    <span class=\"item-title\">CONIFLOOR LPC<\/span>\n                                    <span class=\"item-excerpt\"><p>Rev\u00eatement en polyur\u00e9thane autolissant \u00e9lastique, color\u00e9, pauvre en \u00e9missions, ponte les fissures, pour les espaces d\u00e9coratifs et confortables, avec un enduit de finition de couleur stable<\/p>\n<\/span>\n\n                                <\/div>\n\n                                                                    <div class=\"item-small-container\">\n                                        <img decoding=\"async\" src=\"https:\/\/www.conica.com\/wp-content\/uploads\/2020\/06\/conifloor_lpc-1.png\" \/>\n                                    <\/div>\n                                                            <\/div>\n                        <\/div>\n                    <\/div>\n                <\/div>\n\n                \n\n\n                <div class=\"grid-item grid-number-5\">\n                    <a class=\"wrapping-link\" href=\"https:\/\/www.conica.com\/fr\/products\/conifloor-colorquartz-le-3\/\"><\/a>\n                    <div class=\"grid-item-wrapper\">\n                        <div class=\"grid-item-container\">\n                            <div class=\"grid-image-top\">\n                                <span class=\"centered project-image-bg\"\n                                    style=\"background-image: url(https:\/\/www.conica.com\/wp-content\/uploads\/2020\/07\/Deutschland_Wallduern-Altheim_Industriehalle_2-1024x660.jpg)\"><\/span>\n\n                            <\/div>\n\n                            \n                            <div class=\"grid-item-content\">\n                                <div class=\"column\">\n                                    <span class=\"item-title\">CONIFLOOR COLORQUARTZ LE<\/span>\n                                    <span class=\"item-excerpt\"><p>Rev\u00eatement par saupoudrage en r\u00e9sine \u00e9poxy, sans solvants, avec sable quartz\u00e9 color\u00e9 pour des sollicitations m\u00e9caniques lourdes<\/p>\n<\/span>\n\n                                <\/div>\n\n                                                                    <div class=\"item-small-container\">\n                                        <img decoding=\"async\" src=\"https:\/\/www.conica.com\/wp-content\/uploads\/2020\/08\/CONIFLOOR_Colorquarz_esd.png\" \/>\n                                    <\/div>\n                                                            <\/div>\n                        <\/div>\n                    <\/div>\n                <\/div>\n\n                \n\n            \n        <\/div>\n    <\/div>\n<\/div>\n\n\n<div class=\"wp-block-atomic-blocks-ab-columns ab-layout-columns-1 one-column alignfull\"><div class=\"ab-layout-column-wrap ab-block-layout-column-gap-2 ab-is-responsive-column\">\n<div class=\"wp-block-atomic-blocks-ab-column ab-block-layout-column\"><div class=\"ab-block-layout-column-inner\">\n<h2 class=\"has-text-align-center wp-block-heading\">Nos projets<\/h2>\n\n\n\n    <div class=\"wp-block-atomic-blocks-ab-columns ab-layout-columns-1 one-column alignwide\">\n        <div class=\"ab-layout-column-wrap ab-block-layout-column-gap-2 ab-is-responsive-column\">\n            <div class=\"wp-block-atomic-blocks-ab-column ab-block-layout-column\">\n                <div class=\"ab-block-layout-column-inner\">\n                    <div class=\"category-list\">\n                        <!-- Damit f\u00fcr Porduktseiten und Seiten ohne Produktkategorien nur diese Kategorie Auswahl angezeigt wird -->\n                                                <a class=\"active\"><span class=\"category-filter active\" data-filter=\".all\">All<\/span><\/a>\n                                                    <a><span class=\"category-filter\" data-filter=\".conifloor-ips-fr\">Conifloor IPS+<\/span><\/a>\n                                                    <a><span class=\"category-filter\" data-filter=\".conifloor-lpc-li-decorative-fr\">Conifloor LPC+ LI<\/span><\/a>\n                                                    <a><span class=\"category-filter\" data-filter=\".conifloor-upd-decorative-fr\">Conifloor UPD+<\/span><\/a>\n                                            <\/div>\n                <\/div>\n            <\/div>\n        <\/div>\n    <\/div>\n\n    <div class=\"project-list-container alignfull\">\n        <div class=\"project-list-content\">\n            <div class=\"grid-row\" id=\"project-list-filter\">\n                                <div class=\"grid-item all komfort-belaege-fr conifloor-ips-fr dekorativ-fr  filter-item grid-number-1 \" data-cat=\"all komfort-belaege-fr conifloor-ips-fr dekorativ-fr \">\n                    <a href=\"https:\/\/www.conica.com\/wp-content\/uploads\/2020\/07\/Ungarn_Debrecen_Tu-Plast-Lagerhalle.jpg\" target=\"_self\" class=\"wrapping-link thickbox\"><\/a>\n                    <div class=\"grid-item-wrapper\">\n                        <div class=\"grid-item-container\">\n                            <div class=\"grid-image-top\">\n                                <span class=\"centered project-image-bg\" style=\"background-image: url(https:\/\/www.conica.com\/wp-content\/uploads\/2020\/07\/Ungarn_Debrecen_Tu-Plast-Lagerhalle.jpg)\"><\/span>\n                            <\/div>\n                                                        <div class=\"country-flag\">\n                                <span class=\"hungary_hu\">\n                                    <img decoding=\"async\" src=\"https:\/\/www.conica.com\/wp-content\/themes\/conica\/images\/flags\/4x3\/hu.svg\" alt=\"Hungary\" title=\"Hungary\" \/>\n                                <\/span>\n                            <\/div>\n                                                        <div class=\"grid-item-content\">\n                                <span class=\"item-title\">UNGARN, DEBRECEN, TU PLAST LAGERHALLE<\/span>\n                                <span class=\"item-excerpt\">System: CONIFLOOR IPS Bereich: Functional Flooring<\/span>\n                            <\/div>\n                        <\/div>\n                    <\/div>\n                <\/div>\n                            <div class=\"grid-item all komfort-belaege-fr conifloor-ips-fr dekorativ-fr  filter-item grid-number-2 \" data-cat=\"all komfort-belaege-fr conifloor-ips-fr dekorativ-fr \">\n                    <a href=\"https:\/\/www.conica.com\/wp-content\/uploads\/2020\/07\/Kroatien_Zagreb_Baeckerei-Dupci.jpg\" target=\"_self\" class=\"wrapping-link thickbox\"><\/a>\n                    <div class=\"grid-item-wrapper\">\n                        <div class=\"grid-item-container\">\n                            <div class=\"grid-image-top\">\n                                <span class=\"centered project-image-bg\" style=\"background-image: url(https:\/\/www.conica.com\/wp-content\/uploads\/2020\/07\/Kroatien_Zagreb_Baeckerei-Dupci.jpg)\"><\/span>\n                            <\/div>\n                                                        <div class=\"country-flag\">\n                                <span class=\"croatia_hr\">\n                                    <img decoding=\"async\" src=\"https:\/\/www.conica.com\/wp-content\/themes\/conica\/images\/flags\/4x3\/hr.svg\" alt=\"Croatia\" title=\"Croatia\" \/>\n                                <\/span>\n                            <\/div>\n                                                        <div class=\"grid-item-content\">\n                                <span class=\"item-title\">KROATIEN, ZAGREB, B\u00c4CKEREI DUPCI<\/span>\n                                <span class=\"item-excerpt\">System: CONIFLOOR IPS Bereich: Functional Flooring<\/span>\n                            <\/div>\n                        <\/div>\n                    <\/div>\n                <\/div>\n                            <div class=\"grid-item all komfort-belaege-fr conifloor-ips-fr dekorativ-fr  filter-item grid-number-3 \" data-cat=\"all komfort-belaege-fr conifloor-ips-fr dekorativ-fr \">\n                    <a href=\"https:\/\/www.conica.com\/wp-content\/uploads\/2020\/07\/Deutschland_Neuhausen-ob-Eck_Lagerhalle-1024x660.jpg\" target=\"_self\" class=\"wrapping-link thickbox\"><\/a>\n                    <div class=\"grid-item-wrapper\">\n                        <div class=\"grid-item-container\">\n                            <div class=\"grid-image-top\">\n                                <span class=\"centered project-image-bg\" style=\"background-image: url(https:\/\/www.conica.com\/wp-content\/uploads\/2020\/07\/Deutschland_Neuhausen-ob-Eck_Lagerhalle-1024x660.jpg)\"><\/span>\n                            <\/div>\n                                                        <div class=\"country-flag\">\n                                <span class=\"germany_de\">\n                                    <img decoding=\"async\" src=\"https:\/\/www.conica.com\/wp-content\/themes\/conica\/images\/flags\/4x3\/de.svg\" alt=\"Germany\" title=\"Germany\" \/>\n                                <\/span>\n                            <\/div>\n                                                        <div class=\"grid-item-content\">\n                                <span class=\"item-title\">DEUTSCHLAND, NEUHAUSEN OB ECK, LAGERHALLE<\/span>\n                                <span class=\"item-excerpt\">System: CONIFLOOR IPS AS Bereich: Functional Flooring<\/span>\n                            <\/div>\n                        <\/div>\n                    <\/div>\n                <\/div>\n                            <div class=\"grid-item all komfort-belaege-fr conifloor-ips-fr dekorativ-fr  filter-item grid-number-4 \" data-cat=\"all komfort-belaege-fr conifloor-ips-fr dekorativ-fr \">\n                    <a href=\"https:\/\/www.conica.com\/wp-content\/uploads\/2020\/07\/Kroatien_Krizevci_Schlachthaus.jpg\" target=\"_self\" class=\"wrapping-link thickbox\"><\/a>\n                    <div class=\"grid-item-wrapper\">\n                        <div class=\"grid-item-container\">\n                            <div class=\"grid-image-top\">\n                                <span class=\"centered project-image-bg\" style=\"background-image: url(https:\/\/www.conica.com\/wp-content\/uploads\/2020\/07\/Kroatien_Krizevci_Schlachthaus.jpg)\"><\/span>\n                            <\/div>\n                                                        <div class=\"country-flag\">\n                                <span class=\"croatia_hr\">\n                                    <img decoding=\"async\" src=\"https:\/\/www.conica.com\/wp-content\/themes\/conica\/images\/flags\/4x3\/hr.svg\" alt=\"Croatia\" title=\"Croatia\" \/>\n                                <\/span>\n                            <\/div>\n                                                        <div class=\"grid-item-content\">\n                                <span class=\"item-title\">KROATIEN, KRIZEVCI, SCHLACHTHAUS<\/span>\n                                <span class=\"item-excerpt\">System: CONIFLOOR IPS Bereich: Functional Flooring<\/span>\n                            <\/div>\n                        <\/div>\n                    <\/div>\n                <\/div>\n                            <div class=\"grid-item all komfort-belaege-fr conifloor-ips-fr dekorativ-fr  filter-item grid-number-5 \" data-cat=\"all komfort-belaege-fr conifloor-ips-fr dekorativ-fr \">\n                    <a href=\"https:\/\/www.conica.com\/wp-content\/uploads\/2020\/07\/Italien_Cesena_Lager-Magazzini-Raccordati.jpg\" target=\"_self\" class=\"wrapping-link thickbox\"><\/a>\n                    <div class=\"grid-item-wrapper\">\n                        <div class=\"grid-item-container\">\n                            <div class=\"grid-image-top\">\n                                <span class=\"centered project-image-bg\" style=\"background-image: url(https:\/\/www.conica.com\/wp-content\/uploads\/2020\/07\/Italien_Cesena_Lager-Magazzini-Raccordati.jpg)\"><\/span>\n                            <\/div>\n                                                        <div class=\"country-flag\">\n                                <span class=\"italy_it\">\n                                    <img decoding=\"async\" src=\"https:\/\/www.conica.com\/wp-content\/themes\/conica\/images\/flags\/4x3\/it.svg\" alt=\"Italy\" title=\"Italy\" \/>\n                                <\/span>\n                            <\/div>\n                                                        <div class=\"grid-item-content\">\n                                <span class=\"item-title\">ITALIEN, CESENA, LAGER MAGAZZINI RACCORDATI<\/span>\n                                <span class=\"item-excerpt\">System: CONIFLOOR IPS Bereich: Functional Flooring<\/span>\n                            <\/div>\n                        <\/div>\n                    <\/div>\n                <\/div>\n                            <div class=\"grid-item all komfort-belaege-fr conifloor-lpc-li-decorative-fr dekorativ-fr  filter-item grid-number-6 \" data-cat=\"all komfort-belaege-fr conifloor-lpc-li-decorative-fr dekorativ-fr \">\n                    <a href=\"https:\/\/www.conica.com\/wp-content\/uploads\/2020\/07\/Belgien_Bruessel-1024x660.jpg\" target=\"_self\" class=\"wrapping-link thickbox\"><\/a>\n                    <div class=\"grid-item-wrapper\">\n                        <div class=\"grid-item-container\">\n                            <div class=\"grid-image-top\">\n                                <span class=\"centered project-image-bg\" style=\"background-image: url(https:\/\/www.conica.com\/wp-content\/uploads\/2020\/07\/Belgien_Bruessel-1024x660.jpg)\"><\/span>\n                            <\/div>\n                                                        <div class=\"country-flag\">\n                                <span class=\"belgium_be\">\n                                    <img decoding=\"async\" src=\"https:\/\/www.conica.com\/wp-content\/themes\/conica\/images\/flags\/4x3\/be.svg\" alt=\"Belgium\" title=\"Belgium\" \/>\n                                <\/span>\n                            <\/div>\n                                                        <div class=\"grid-item-content\">\n                                <span class=\"item-title\">BELGIEN, BR\u00dcSSEL<\/span>\n                                <span class=\"item-excerpt\">System: CONIFLOOR LPC+ Bereich: Functional Flooring<\/span>\n                            <\/div>\n                        <\/div>\n                    <\/div>\n                <\/div>\n                            <div class=\"grid-item all komfort-belaege-fr conifloor-lpc-li-decorative-fr dekorativ-fr  filter-item grid-number-7 \" data-cat=\"all komfort-belaege-fr conifloor-lpc-li-decorative-fr dekorativ-fr \">\n                    <a href=\"https:\/\/www.conica.com\/wp-content\/uploads\/2020\/07\/Schweiz_Rafz_Sporthalle-Schalmenacker-1024x660.jpg\" target=\"_self\" class=\"wrapping-link thickbox\"><\/a>\n                    <div class=\"grid-item-wrapper\">\n                        <div class=\"grid-item-container\">\n                            <div class=\"grid-image-top\">\n                                <span class=\"centered project-image-bg\" style=\"background-image: url(https:\/\/www.conica.com\/wp-content\/uploads\/2020\/07\/Schweiz_Rafz_Sporthalle-Schalmenacker-1024x660.jpg)\"><\/span>\n                            <\/div>\n                                                        <div class=\"country-flag\">\n                                <span class=\"switzerland_ch\">\n                                    <img decoding=\"async\" src=\"https:\/\/www.conica.com\/wp-content\/themes\/conica\/images\/flags\/4x3\/ch.svg\" alt=\"Switzerland\" title=\"Switzerland\" \/>\n                                <\/span>\n                            <\/div>\n                                                        <div class=\"grid-item-content\">\n                                <span class=\"item-title\">SCHWEIZ, RAFZ, SPORTHALLE SCHALMENACKER<\/span>\n                                <span class=\"item-excerpt\">System: CONIFLOOR LPC Bereich: Functional Flooring<\/span>\n                            <\/div>\n                        <\/div>\n                    <\/div>\n                <\/div>\n                            <div class=\"grid-item all komfort-belaege-fr conifloor-lpc-li-decorative-fr dekorativ-fr  filter-item grid-number-8 \" data-cat=\"all komfort-belaege-fr conifloor-lpc-li-decorative-fr dekorativ-fr \">\n                    <a href=\"https:\/\/www.conica.com\/wp-content\/uploads\/2020\/07\/Schweiz_Winterthur_ZHAW_2-1024x660.jpg\" target=\"_self\" class=\"wrapping-link thickbox\"><\/a>\n                    <div class=\"grid-item-wrapper\">\n                        <div class=\"grid-item-container\">\n                            <div class=\"grid-image-top\">\n                                <span class=\"centered project-image-bg\" style=\"background-image: url(https:\/\/www.conica.com\/wp-content\/uploads\/2020\/07\/Schweiz_Winterthur_ZHAW_2-1024x660.jpg)\"><\/span>\n                            <\/div>\n                                                        <div class=\"country-flag\">\n                                <span class=\"switzerland_ch\">\n                                    <img decoding=\"async\" src=\"https:\/\/www.conica.com\/wp-content\/themes\/conica\/images\/flags\/4x3\/ch.svg\" alt=\"Switzerland\" title=\"Switzerland\" \/>\n                                <\/span>\n                            <\/div>\n                                                        <div class=\"grid-item-content\">\n                                <span class=\"item-title\">SCHWEIZ, WINTERTHUR, ZHAW (Z\u00dcRCHER HOCHSCHULE F\u00dcR ANGEWANDTE WISSENSCHAFTEN)<\/span>\n                                <span class=\"item-excerpt\">System: CONIFLOOR LPC+ Bereich: Functional Flooring<\/span>\n                            <\/div>\n                        <\/div>\n                    <\/div>\n                <\/div>\n                            <div class=\"grid-item all komfort-belaege-fr conifloor-lpc-li-decorative-fr dekorativ-fr  filter-item grid-number-9 \" data-cat=\"all komfort-belaege-fr conifloor-lpc-li-decorative-fr dekorativ-fr \">\n                    <a href=\"https:\/\/www.conica.com\/wp-content\/uploads\/2020\/07\/Schweiz_Duedingen_Stadion-Birchh\u00f6\u00f3elzli-1024x660.jpg\" target=\"_self\" class=\"wrapping-link thickbox\"><\/a>\n                    <div class=\"grid-item-wrapper\">\n                        <div class=\"grid-item-container\">\n                            <div class=\"grid-image-top\">\n                                <span class=\"centered project-image-bg\" style=\"background-image: url(https:\/\/www.conica.com\/wp-content\/uploads\/2020\/07\/Schweiz_Duedingen_Stadion-Birchh\u00f6\u00f3elzli-1024x660.jpg)\"><\/span>\n                            <\/div>\n                                                        <div class=\"country-flag\">\n                                <span class=\"switzerland_ch\">\n                                    <img decoding=\"async\" src=\"https:\/\/www.conica.com\/wp-content\/themes\/conica\/images\/flags\/4x3\/ch.svg\" alt=\"Switzerland\" title=\"Switzerland\" \/>\n                                <\/span>\n                            <\/div>\n                                                        <div class=\"grid-item-content\">\n                                <span class=\"item-title\">SCHWEIZ, D\u00dcDINGEN, STADION BIRCHH\u00d6LZLI<\/span>\n                                <span class=\"item-excerpt\">System: CONIFLOOR LPC Bereich: Functional Flooring<\/span>\n                            <\/div>\n                        <\/div>\n                    <\/div>\n                <\/div>\n                            <div class=\"grid-item all komfort-belaege-fr conifloor-lpc-li-decorative-fr dekorativ-fr  filter-item grid-number-10 \" data-cat=\"all komfort-belaege-fr conifloor-lpc-li-decorative-fr dekorativ-fr \">\n                    <a href=\"https:\/\/www.conica.com\/wp-content\/uploads\/2020\/07\/Spanien_Madrid_Sephora-Hauptquartier.jpg\" target=\"_self\" class=\"wrapping-link thickbox\"><\/a>\n                    <div class=\"grid-item-wrapper\">\n                        <div class=\"grid-item-container\">\n                            <div class=\"grid-image-top\">\n                                <span class=\"centered project-image-bg\" style=\"background-image: url(https:\/\/www.conica.com\/wp-content\/uploads\/2020\/07\/Spanien_Madrid_Sephora-Hauptquartier.jpg)\"><\/span>\n                            <\/div>\n                                                        <div class=\"country-flag\">\n                                <span class=\"spain_es\">\n                                    <img decoding=\"async\" src=\"https:\/\/www.conica.com\/wp-content\/themes\/conica\/images\/flags\/4x3\/es.svg\" alt=\"Spain\" title=\"Spain\" \/>\n                                <\/span>\n                            <\/div>\n                                                        <div class=\"grid-item-content\">\n                                <span class=\"item-title\">SPANIEN, MADRID, SEPHORA HAUPTQUARTIER<\/span>\n                                <span class=\"item-excerpt\">System: CONIFLOOR LPC Bereich: Functional Flooring<\/span>\n                            <\/div>\n                        <\/div>\n                    <\/div>\n                <\/div>\n                            <div class=\"grid-item all komfort-belaege-fr dekorativ-fr conifloor-upd-decorative-fr  filter-item grid-number-11 \" data-cat=\"all komfort-belaege-fr dekorativ-fr conifloor-upd-decorative-fr \">\n                    <a href=\"https:\/\/www.conica.com\/wp-content\/uploads\/2020\/07\/Holland_Alblasserdam_Lascentrum_2.jpg\" target=\"_self\" class=\"wrapping-link thickbox\"><\/a>\n                    <div class=\"grid-item-wrapper\">\n                        <div class=\"grid-item-container\">\n                            <div class=\"grid-image-top\">\n                                <span class=\"centered project-image-bg\" style=\"background-image: url(https:\/\/www.conica.com\/wp-content\/uploads\/2020\/07\/Holland_Alblasserdam_Lascentrum_2.jpg)\"><\/span>\n                            <\/div>\n                                                        <div class=\"country-flag\">\n                                <span class=\"netherlands_nl\">\n                                    <img decoding=\"async\" src=\"https:\/\/www.conica.com\/wp-content\/themes\/conica\/images\/flags\/4x3\/nl.svg\" alt=\"Netherlands\" title=\"Netherlands\" \/>\n                                <\/span>\n                            <\/div>\n                                                        <div class=\"grid-item-content\">\n                                <span class=\"item-title\">HOLLAND, ALBLASSERDAM, LASCENTRUM WELDING &#038; CUTTING<\/span>\n                                <span class=\"item-excerpt\">System: CONIFLOOR UPD+ Bereich: Functional Flooring<\/span>\n                            <\/div>\n                        <\/div>\n                    <\/div>\n                <\/div>\n                            <div class=\"grid-item all komfort-belaege-fr dekorativ-fr conifloor-upd-decorative-fr  filter-item grid-number-12 \" data-cat=\"all komfort-belaege-fr dekorativ-fr conifloor-upd-decorative-fr \">\n                    <a href=\"https:\/\/www.conica.com\/wp-content\/uploads\/2020\/07\/playground-hong-kong-1024x576.jpg\" target=\"_self\" class=\"wrapping-link thickbox\"><\/a>\n                    <div class=\"grid-item-wrapper\">\n                        <div class=\"grid-item-container\">\n                            <div class=\"grid-image-top\">\n                                <span class=\"centered project-image-bg\" style=\"background-image: url(https:\/\/www.conica.com\/wp-content\/uploads\/2020\/07\/playground-hong-kong-1024x576.jpg)\"><\/span>\n                            <\/div>\n                                                        <div class=\"country-flag\">\n                                <span class=\"hongkong_hk\">\n                                    <img decoding=\"async\" src=\"https:\/\/www.conica.com\/wp-content\/themes\/conica\/images\/flags\/4x3\/hk.svg\" alt=\"Hongkong\" title=\"Hongkong\" \/>\n                                <\/span>\n                            <\/div>\n                                                        <div class=\"grid-item-content\">\n                                <span class=\"item-title\">HONG KONG, TIN SHUI, TIN SHUI SPORTZENTRUM, SPIELZIMMER<\/span>\n                                <span class=\"item-excerpt\">System: CONIFLOOR UPD+ Bereich: Functional Flooring<\/span>\n                            <\/div>\n                        <\/div>\n                    <\/div>\n                <\/div>\n                            <div class=\"grid-item all komfort-belaege-fr conifloor-ips-fr conifloor-lpc-li-decorative-fr dekorativ-fr  filter-item grid-number-13 \" data-cat=\"all komfort-belaege-fr conifloor-ips-fr conifloor-lpc-li-decorative-fr dekorativ-fr \">\n                    <a href=\"https:\/\/www.conica.com\/wp-content\/uploads\/2020\/11\/Luxemburg-Buxemburg-Kanner-Campus-Belval-CONIFLOOR-LPC-LPCLI_2.jpg\" target=\"_self\" class=\"wrapping-link thickbox\"><\/a>\n                    <div class=\"grid-item-wrapper\">\n                        <div class=\"grid-item-container\">\n                            <div class=\"grid-image-top\">\n                                <span class=\"centered project-image-bg\" style=\"background-image: url(https:\/\/www.conica.com\/wp-content\/uploads\/2020\/11\/Luxemburg-Buxemburg-Kanner-Campus-Belval-CONIFLOOR-LPC-LPCLI_2.jpg)\"><\/span>\n                            <\/div>\n                                                        <div class=\"country-flag\">\n                                <span class=\"luxembourg_lu\">\n                                    <img decoding=\"async\" src=\"https:\/\/www.conica.com\/wp-content\/themes\/conica\/images\/flags\/4x3\/lu.svg\" alt=\"Luxembourg\" title=\"Luxembourg\" \/>\n                                <\/span>\n                            <\/div>\n                                                        <div class=\"grid-item-content\">\n                                <span class=\"item-title\">LUXEMBURG, BUXEMBURG, KANNER CAMPUS BELVAL<\/span>\n                                <span class=\"item-excerpt\">System: CONIFLOOR LPC, LPC+LI Bereich: Decorative<\/span>\n                            <\/div>\n                        <\/div>\n                    <\/div>\n                <\/div>\n                            <div class=\"grid-item all komfort-belaege-fr conifloor-ips-fr conifloor-lpc-li-decorative-fr dekorativ-fr  filter-item grid-number-14 \" data-cat=\"all komfort-belaege-fr conifloor-ips-fr conifloor-lpc-li-decorative-fr dekorativ-fr \">\n                    <a href=\"https:\/\/www.conica.com\/wp-content\/uploads\/2020\/11\/Luxemburg-Buxemburg-Kanner-Campus-Belval-CONIFLOOR-LPC-LPCLI_2.jpg\" target=\"_self\" class=\"wrapping-link thickbox\"><\/a>\n                    <div class=\"grid-item-wrapper\">\n                        <div class=\"grid-item-container\">\n                            <div class=\"grid-image-top\">\n                                <span class=\"centered project-image-bg\" style=\"background-image: url(https:\/\/www.conica.com\/wp-content\/uploads\/2020\/11\/Luxemburg-Buxemburg-Kanner-Campus-Belval-CONIFLOOR-LPC-LPCLI_2.jpg)\"><\/span>\n                            <\/div>\n                                                        <div class=\"country-flag\">\n                                <span class=\"luxembourg_lu\">\n                                    <img decoding=\"async\" src=\"https:\/\/www.conica.com\/wp-content\/themes\/conica\/images\/flags\/4x3\/lu.svg\" alt=\"Luxembourg\" title=\"Luxembourg\" \/>\n                                <\/span>\n                            <\/div>\n                                                        <div class=\"grid-item-content\">\n                                <span class=\"item-title\">LUXEMBURG, BUXEMBURG, KANNER CAMPUS BELVAL<\/span>\n                                <span class=\"item-excerpt\">System: CONIFLOOR LPC, LPC+LI Bereich: Decorative<\/span>\n                            <\/div>\n                        <\/div>\n                    <\/div>\n                <\/div>\n                            <div class=\"grid-item\">\n                    <div class=\"grid-item-wrapper\">\n                        <div class=\"grid-item-container more-box\">\n                            <div class=\"more-box-content\">\n                                                                <span class=\"item-title\">\n                                    En savoir plus                                <\/span>\n                                                                                                <span class=\"item-excerpt\">\n                                    Vous souhaitez en savoir plus sur nos produits\u00a0? Contactez-nous.                                <\/span>\n                                                                                                <a href=\"https:\/\/conica.com\/conica-ag\/contact-us\/\" class=\"button\">\n                                    Envoyer une requ\u00eate                                <\/a>\n                                                            <\/div>\n                        <\/div>\n                    <\/div>\n                <\/div>\n            <\/div>\n        <\/div>\n    <\/div>\n    <div class=\"clear\"><\/div>\n\n    <\/div><\/div>\n<\/div><\/div>\n\n\n\n<p><\/p>\n","protected":false},"excerpt":{"rendered":"","protected":false},"author":8,"featured_media":0,"parent":12075,"menu_order":0,"comment_status":"closed","ping_status":"closed","template":"","meta":{"_acf_changed":false,"_uag_custom_page_level_css":"","_genesis_hide_title":false,"_genesis_hide_breadcrumbs":false,"_genesis_hide_singular_image":false,"_genesis_custom_body_class":"","_genesis_custom_post_class":"","_genesis_layout":"","footnotes":""},"products_categories":[50],"project_categories":[],"product_quiz_categories":[],"testimonials_categories":[],"locations_categories":[],"class_list":{"0":"post-12079","1":"page","2":"type-page","3":"status-publish","5":"products_categories-decorative-comfort-floor","6":"entry"},"acf":[],"yoast_head":"<!-- This site is optimized with the Yoast SEO plugin v27.4 - https:\/\/yoast.com\/product\/yoast-seo-wordpress\/ -->\n<title>Couvertures de confort - CONICA AG<\/title>\n<meta name=\"robots\" content=\"index, follow, max-snippet:-1, max-image-preview:large, max-video-preview:-1\" \/>\n<link rel=\"canonical\" href=\"https:\/\/www.conica.com\/fr\/dekorativ\/komfort-belaege\/\" \/>\n<meta property=\"og:locale\" content=\"fr_FR\" \/>\n<meta property=\"og:type\" content=\"article\" \/>\n<meta property=\"og:title\" content=\"Couvertures de confort - CONICA AG\" \/>\n<meta property=\"og:url\" content=\"https:\/\/www.conica.com\/fr\/dekorativ\/komfort-belaege\/\" \/>\n<meta property=\"og:site_name\" content=\"CONICA AG\" \/>\n<meta property=\"article:modified_time\" content=\"2021-04-08T08:27:57+00:00\" \/>\n<meta name=\"twitter:card\" content=\"summary_large_image\" \/>\n<meta name=\"twitter:label1\" content=\"Dur\u00e9e de lecture estim\u00e9e\" \/>\n\t<meta name=\"twitter:data1\" content=\"1 minute\" \/>\n<script type=\"application\/ld+json\" class=\"yoast-schema-graph\">{\"@context\":\"https:\\\/\\\/schema.org\",\"@graph\":[{\"@type\":\"WebPage\",\"@id\":\"https:\\\/\\\/www.conica.com\\\/fr\\\/dekorativ\\\/komfort-belaege\\\/\",\"url\":\"https:\\\/\\\/www.conica.com\\\/fr\\\/dekorativ\\\/komfort-belaege\\\/\",\"name\":\"Couvertures de confort - CONICA AG\",\"isPartOf\":{\"@id\":\"https:\\\/\\\/www.conica.com\\\/it\\\/#website\"},\"datePublished\":\"2020-05-22T07:46:01+00:00\",\"dateModified\":\"2021-04-08T08:27:57+00:00\",\"breadcrumb\":{\"@id\":\"https:\\\/\\\/www.conica.com\\\/fr\\\/dekorativ\\\/komfort-belaege\\\/#breadcrumb\"},\"inLanguage\":\"fr-FR\",\"potentialAction\":[{\"@type\":\"ReadAction\",\"target\":[\"https:\\\/\\\/www.conica.com\\\/fr\\\/dekorativ\\\/komfort-belaege\\\/\"]}]},{\"@type\":\"BreadcrumbList\",\"@id\":\"https:\\\/\\\/www.conica.com\\\/fr\\\/dekorativ\\\/komfort-belaege\\\/#breadcrumb\",\"itemListElement\":[{\"@type\":\"ListItem\",\"position\":1,\"name\":\"Home\",\"item\":\"https:\\\/\\\/www.conica.com\\\/fr\\\/\"},{\"@type\":\"ListItem\",\"position\":2,\"name\":\"D\u00e9coration\",\"item\":\"https:\\\/\\\/www.conica.com\\\/fr\\\/dekorativ\\\/\"},{\"@type\":\"ListItem\",\"position\":3,\"name\":\"Couvertures de confort\"}]},{\"@type\":\"WebSite\",\"@id\":\"https:\\\/\\\/www.conica.com\\\/it\\\/#website\",\"url\":\"https:\\\/\\\/www.conica.com\\\/it\\\/\",\"name\":\"CONICA AG\",\"description\":\"Sport-, Playground- und Functional Flooring Bel\u00e4ge\",\"publisher\":{\"@id\":\"https:\\\/\\\/www.conica.com\\\/it\\\/#organization\"},\"potentialAction\":[{\"@type\":\"SearchAction\",\"target\":{\"@type\":\"EntryPoint\",\"urlTemplate\":\"https:\\\/\\\/www.conica.com\\\/it\\\/?s={search_term_string}\"},\"query-input\":{\"@type\":\"PropertyValueSpecification\",\"valueRequired\":true,\"valueName\":\"search_term_string\"}}],\"inLanguage\":\"fr-FR\"},{\"@type\":\"Organization\",\"@id\":\"https:\\\/\\\/www.conica.com\\\/it\\\/#organization\",\"name\":\"CONICA AG\",\"url\":\"https:\\\/\\\/www.conica.com\\\/it\\\/\",\"logo\":{\"@type\":\"ImageObject\",\"inLanguage\":\"fr-FR\",\"@id\":\"https:\\\/\\\/www.conica.com\\\/it\\\/#\\\/schema\\\/logo\\\/image\\\/\",\"url\":\"https:\\\/\\\/www.conica.com\\\/wp-content\\\/uploads\\\/2020\\\/04\\\/logo_conica-01.svg\",\"contentUrl\":\"https:\\\/\\\/www.conica.com\\\/wp-content\\\/uploads\\\/2020\\\/04\\\/logo_conica-01.svg\",\"caption\":\"CONICA AG\"},\"image\":{\"@id\":\"https:\\\/\\\/www.conica.com\\\/it\\\/#\\\/schema\\\/logo\\\/image\\\/\"}}]}<\/script>\n<!-- \/ Yoast SEO plugin. -->","yoast_head_json":{"title":"Couvertures de confort - CONICA AG","robots":{"index":"index","follow":"follow","max-snippet":"max-snippet:-1","max-image-preview":"max-image-preview:large","max-video-preview":"max-video-preview:-1"},"canonical":"https:\/\/www.conica.com\/fr\/dekorativ\/komfort-belaege\/","og_locale":"fr_FR","og_type":"article","og_title":"Couvertures de confort - CONICA AG","og_url":"https:\/\/www.conica.com\/fr\/dekorativ\/komfort-belaege\/","og_site_name":"CONICA AG","article_modified_time":"2021-04-08T08:27:57+00:00","twitter_card":"summary_large_image","twitter_misc":{"Dur\u00e9e de lecture estim\u00e9e":"1 minute"},"schema":{"@context":"https:\/\/schema.org","@graph":[{"@type":"WebPage","@id":"https:\/\/www.conica.com\/fr\/dekorativ\/komfort-belaege\/","url":"https:\/\/www.conica.com\/fr\/dekorativ\/komfort-belaege\/","name":"Couvertures de confort - CONICA AG","isPartOf":{"@id":"https:\/\/www.conica.com\/it\/#website"},"datePublished":"2020-05-22T07:46:01+00:00","dateModified":"2021-04-08T08:27:57+00:00","breadcrumb":{"@id":"https:\/\/www.conica.com\/fr\/dekorativ\/komfort-belaege\/#breadcrumb"},"inLanguage":"fr-FR","potentialAction":[{"@type":"ReadAction","target":["https:\/\/www.conica.com\/fr\/dekorativ\/komfort-belaege\/"]}]},{"@type":"BreadcrumbList","@id":"https:\/\/www.conica.com\/fr\/dekorativ\/komfort-belaege\/#breadcrumb","itemListElement":[{"@type":"ListItem","position":1,"name":"Home","item":"https:\/\/www.conica.com\/fr\/"},{"@type":"ListItem","position":2,"name":"D\u00e9coration","item":"https:\/\/www.conica.com\/fr\/dekorativ\/"},{"@type":"ListItem","position":3,"name":"Couvertures de confort"}]},{"@type":"WebSite","@id":"https:\/\/www.conica.com\/it\/#website","url":"https:\/\/www.conica.com\/it\/","name":"CONICA AG","description":"Sport-, Playground- und Functional Flooring Bel\u00e4ge","publisher":{"@id":"https:\/\/www.conica.com\/it\/#organization"},"potentialAction":[{"@type":"SearchAction","target":{"@type":"EntryPoint","urlTemplate":"https:\/\/www.conica.com\/it\/?s={search_term_string}"},"query-input":{"@type":"PropertyValueSpecification","valueRequired":true,"valueName":"search_term_string"}}],"inLanguage":"fr-FR"},{"@type":"Organization","@id":"https:\/\/www.conica.com\/it\/#organization","name":"CONICA AG","url":"https:\/\/www.conica.com\/it\/","logo":{"@type":"ImageObject","inLanguage":"fr-FR","@id":"https:\/\/www.conica.com\/it\/#\/schema\/logo\/image\/","url":"https:\/\/www.conica.com\/wp-content\/uploads\/2020\/04\/logo_conica-01.svg","contentUrl":"https:\/\/www.conica.com\/wp-content\/uploads\/2020\/04\/logo_conica-01.svg","caption":"CONICA AG"},"image":{"@id":"https:\/\/www.conica.com\/it\/#\/schema\/logo\/image\/"}}]}},"featured_image_src":null,"featured_image_src_square":null,"uagb_featured_image_src":{"full":false,"thumbnail":false,"medium":false,"medium_large":false,"large":false,"gs-tiny":false,"xl":false,"xxl":false,"xxxl":false,"xxxxl":false,"xxxxxl":false,"gts-thumbnail":false,"1536x1536":false,"2048x2048":false,"sidebar-featured":false,"genesis-singular-images":false,"ab-block-post-grid-landscape":false,"ab-block-post-grid-square":false,"gform-image-choice-sm":false,"gform-image-choice-md":false,"gform-image-choice-lg":false},"uagb_author_info":{"display_name":"cloudweb admin","author_link":"https:\/\/www.conica.com\/fr\/author\/cloudweb-admin\/"},"uagb_comment_info":0,"uagb_excerpt":null,"_links":{"self":[{"href":"https:\/\/www.conica.com\/fr\/wp-json\/wp\/v2\/pages\/12079","targetHints":{"allow":["GET"]}}],"collection":[{"href":"https:\/\/www.conica.com\/fr\/wp-json\/wp\/v2\/pages"}],"about":[{"href":"https:\/\/www.conica.com\/fr\/wp-json\/wp\/v2\/types\/page"}],"author":[{"embeddable":true,"href":"https:\/\/www.conica.com\/fr\/wp-json\/wp\/v2\/users\/8"}],"replies":[{"embeddable":true,"href":"https:\/\/www.conica.com\/fr\/wp-json\/wp\/v2\/comments?post=12079"}],"version-history":[{"count":0,"href":"https:\/\/www.conica.com\/fr\/wp-json\/wp\/v2\/pages\/12079\/revisions"}],"up":[{"embeddable":true,"href":"https:\/\/www.conica.com\/fr\/wp-json\/wp\/v2\/pages\/12075"}],"wp:attachment":[{"href":"https:\/\/www.conica.com\/fr\/wp-json\/wp\/v2\/media?parent=12079"}],"wp:term":[{"taxonomy":"products_categories","embeddable":true,"href":"https:\/\/www.conica.com\/fr\/wp-json\/wp\/v2\/products_categories?post=12079"},{"taxonomy":"project_categories","embeddable":true,"href":"https:\/\/www.conica.com\/fr\/wp-json\/wp\/v2\/project_categories?post=12079"},{"taxonomy":"product_quiz_categories","embeddable":true,"href":"https:\/\/www.conica.com\/fr\/wp-json\/wp\/v2\/product_quiz_categories?post=12079"},{"taxonomy":"testimonials_categories","embeddable":true,"href":"https:\/\/www.conica.com\/fr\/wp-json\/wp\/v2\/testimonials_categories?post=12079"},{"taxonomy":"locations_categories","embeddable":true,"href":"https:\/\/www.conica.com\/fr\/wp-json\/wp\/v2\/locations_categories?post=12079"}],"curies":[{"name":"wp","href":"https:\/\/api.w.org\/{rel}","templated":true}]}}